{"id":151,"date":"2022-04-02T16:45:23","date_gmt":"2022-04-02T14:45:23","guid":{"rendered":"https:\/\/mur34.fr\/?page_id=151"},"modified":"2026-03-10T10:15:17","modified_gmt":"2026-03-10T09:15:17","slug":"docresspourenseignant","status":"publish","type":"page","link":"https:\/\/mur34.fr\/index.php\/docresspourenseignant\/","title":{"rendered":"RESSOURCES POUR L&rsquo;ENSEIGNANT"},"content":{"rendered":"<p><div class=\"fusion-fullwidth fullwidth-box fusion-builder-row-1 fusion-flex-container has-pattern-background has-mask-background nonhundred-percent-fullwidth non-hundred-percent-height-scrolling\" style=\"--awb-border-radius-top-left:0px;--awb-border-radius-top-right:0px;--awb-border-radius-bottom-right:0px;--awb-border-radius-bottom-left:0px;--awb-flex-wrap:wrap;\" ><div class=\"fusion-builder-row fusion-row fusion-flex-align-items-flex-start fusion-flex-content-wrap\" style=\"max-width:1248px;margin-left: calc(-4% \/ 2 );margin-right: calc(-4% \/ 2 );\"><div class=\"fusion-layout-column fusion_builder_column fusion-builder-column-0 fusion_builder_column_1_1 1_1 fusion-flex-column\" style=\"--awb-padding-top:20px;--awb-padding-bottom:20px;--awb-padding-left:40px;--awb-overflow:hidden;--awb-bg-size:cover;--awb-border-color:var(--awb-custom_color_12);--awb-border-top:0;--awb-border-right:0;--awb-border-bottom:0;--awb-border-left:5px;--awb-border-style:solid;--awb-border-radius:25px 0px 0px 25px;--awb-width-large:100%;--awb-margin-top-large:0px;--awb-spacing-right-large:1.92%;--awb-margin-bottom-large:20px;--awb-spacing-left-large:1.92%;--awb-width-medium:100%;--awb-order-medium:0;--awb-spacing-right-medium:1.92%;--awb-spacing-left-medium:1.92%;--awb-width-small:100%;--awb-order-small:0;--awb-spacing-right-small:1.92%;--awb-spacing-left-small:1.92%;\"><div class=\"fusion-column-wrapper fusion-column-has-shadow fusion-flex-justify-content-flex-start fusion-content-layout-column\"><i class=\"fb-icon-element-1 fb-icon-element fontawesome-icon fa-quote-right fas circle-no\" style=\"--awb-iconcolor:var(--awb-custom_color_12);--awb-iconcolor-hover:var(--awb-custom_color_2);--awb-font-size:32px;--awb-align-self:flex-start;--awb-margin-top:20px;--awb-margin-right:0px;--awb-margin-bottom:40px;--awb-margin-left:0px;\"><\/i><div class=\"fusion-text fusion-text-1\"><p style=\"text-align: justify;\"><b>Le Mus\u00e9e de la R\u00e9sistance et de la D\u00e9portation de Castelnau-le-Lez <\/b> propose des ressources et des supports vari\u00e9s \u00e0 destination des enseignants. Ceux-ci permettent de prolonger en classe une visit\u00e9 guid\u00e9e ou un atelier p\u00e9dagogique, de pr\u00e9parer le Concours National de la R\u00e9sistance et de la D\u00e9portation ou de construire des s\u00e9quences. Le service \u00e9ducatif du Mus\u00e9e reste \u00e0 disposition des professeurs pour accompagner tout projet p\u00e9dagogique sp\u00e9cifique. <\/p>\n<\/div><\/div><\/div><\/div><\/div><div class=\"fusion-fullwidth fullwidth-box fusion-builder-row-2 fusion-flex-container has-pattern-background has-mask-background nonhundred-percent-fullwidth non-hundred-percent-height-scrolling\" style=\"--awb-border-radius-top-left:0px;--awb-border-radius-top-right:0px;--awb-border-radius-bottom-right:0px;--awb-border-radius-bottom-left:0px;--awb-margin-top:20px;--awb-flex-wrap:wrap;\" ><div class=\"fusion-builder-row fusion-row fusion-flex-align-items-flex-start fusion-flex-content-wrap\" style=\"max-width:1248px;margin-left: calc(-4% \/ 2 );margin-right: calc(-4% \/ 2 );\"><div class=\"fusion-layout-column fusion_builder_column fusion-builder-column-1 fusion_builder_column_1_1 1_1 fusion-flex-column\" style=\"--awb-bg-size:cover;--awb-width-large:100%;--awb-margin-top-large:0px;--awb-spacing-right-large:1.92%;--awb-margin-bottom-large:20px;--awb-spacing-left-large:1.92%;--awb-width-medium:100%;--awb-order-medium:0;--awb-spacing-right-medium:1.92%;--awb-spacing-left-medium:1.92%;--awb-width-small:100%;--awb-order-small:0;--awb-spacing-right-small:1.92%;--awb-spacing-left-small:1.92%;\"><div class=\"fusion-column-wrapper fusion-column-has-shadow fusion-flex-justify-content-flex-start fusion-content-layout-column\"><div class=\"fusion-title title fusion-title-1 fusion-sep-none fusion-title-text fusion-title-size-three\" style=\"--awb-text-color:#0071cf;--awb-margin-top-small:10px;--awb-margin-right-small:0px;--awb-margin-bottom-small:10px;--awb-margin-left-small:0px;--awb-font-size:2em;\"><h3 class=\"fusion-title-heading title-heading-left\" style=\"margin:0;text-transform:uppercase;font-size:1em;\">LE PROC\u00c8S DE KLAUS BARBIE<\/h3><\/div><\/div><\/div><\/div><\/div><div class=\"fusion-fullwidth fullwidth-box fusion-builder-row-3 fusion-flex-container has-pattern-background has-mask-background nonhundred-percent-fullwidth non-hundred-percent-height-scrolling\" style=\"--awb-border-radius-top-left:0px;--awb-border-radius-top-right:0px;--awb-border-radius-bottom-right:0px;--awb-border-radius-bottom-left:0px;--awb-margin-bottom:50px;--awb-flex-wrap:wrap;\" ><div class=\"fusion-builder-row fusion-row fusion-flex-align-items-flex-start fusion-flex-content-wrap\" style=\"max-width:1248px;margin-left: calc(-4% \/ 2 );margin-right: calc(-4% \/ 2 );\"><div class=\"fusion-layout-column fusion_builder_column fusion-builder-column-2 fusion_builder_column_1_3 1_3 fusion-flex-column fusion-flex-align-self-flex-start\" style=\"--awb-bg-size:cover;--awb-width-large:33.333333333333%;--awb-margin-top-large:0px;--awb-spacing-right-large:5.76%;--awb-margin-bottom-large:20px;--awb-spacing-left-large:5.76%;--awb-width-medium:33.333333333333%;--awb-order-medium:0;--awb-spacing-right-medium:5.76%;--awb-spacing-left-medium:5.76%;--awb-width-small:100%;--awb-order-small:0;--awb-spacing-right-small:1.92%;--awb-spacing-left-small:1.92%;\"><div class=\"fusion-column-wrapper fusion-column-has-shadow fusion-flex-justify-content-flex-start fusion-content-layout-column\"><div class=\"fusion-image-element \" style=\"--awb-max-width:250px;--awb-caption-title-font-family:var(--h2_typography-font-family);--awb-caption-title-font-weight:var(--h2_typography-font-weight);--awb-caption-title-font-style:var(--h2_typography-font-style);--awb-caption-title-size:var(--h2_typography-font-size);--awb-caption-title-transform:var(--h2_typography-text-transform);--awb-caption-title-line-height:var(--h2_typography-line-height);--awb-caption-title-letter-spacing:var(--h2_typography-letter-spacing);\"><span class=\" fusion-imageframe imageframe-none imageframe-1 hover-type-none\" style=\"border-radius:50px;\"><img decoding=\"async\" width=\"657\" height=\"1024\" title=\"salle_tribunal\" src=\"http:\/\/mur34.fr\/wp-content\/uploads\/2026\/03\/salle_tribunal-657x1024.jpg\" alt class=\"img-responsive wp-image-3262\" srcset=\"https:\/\/mur34.fr\/wp-content\/uploads\/2026\/03\/salle_tribunal-200x312.jpg 200w, https:\/\/mur34.fr\/wp-content\/uploads\/2026\/03\/salle_tribunal-400x623.jpg 400w, https:\/\/mur34.fr\/wp-content\/uploads\/2026\/03\/salle_tribunal-600x935.jpg 600w, https:\/\/mur34.fr\/wp-content\/uploads\/2026\/03\/salle_tribunal-800x1246.jpg 800w, https:\/\/mur34.fr\/wp-content\/uploads\/2026\/03\/salle_tribunal-1200x1869.jpg 1200w, https:\/\/mur34.fr\/wp-content\/uploads\/2026\/03\/salle_tribunal.jpg 1253w\" sizes=\"(max-width: 640px) 100vw, 400px\" \/><\/span><\/div><\/div><\/div><div class=\"fusion-layout-column fusion_builder_column fusion-builder-column-3 fusion_builder_column_2_3 2_3 fusion-flex-column fusion-flex-align-self-center\" style=\"--awb-bg-size:cover;--awb-width-large:66.666666666667%;--awb-margin-top-large:0px;--awb-spacing-right-large:2.88%;--awb-margin-bottom-large:20px;--awb-spacing-left-large:2.88%;--awb-width-medium:66.666666666667%;--awb-order-medium:0;--awb-spacing-right-medium:2.88%;--awb-spacing-left-medium:2.88%;--awb-width-small:100%;--awb-order-small:0;--awb-spacing-right-small:1.92%;--awb-spacing-left-small:1.92%;\"><div class=\"fusion-column-wrapper fusion-column-has-shadow fusion-flex-justify-content-flex-start fusion-content-layout-column\"><div class=\"fusion-text fusion-text-2 fusion-text-no-margin\" style=\"--awb-content-alignment:justify;--awb-margin-bottom:40px;\"><p>En 1987, le tribunal de Lyon organisait le 1er proc\u00e8s pour crime contre l&rsquo;humanit\u00e9 en France, \u00e0 l&rsquo;encontre de Klaus Barbie, chef de la Gestapo de Lyon de 1942 \u00e0 1944. Monsieur Jean-Olivier VIOUT, substitut du procureur g\u00e9n\u00e9ral, rend compte de ce proc\u00e8s historique au cours d&rsquo;une conf\u00e9rence publique au Kiasma de Castelnau-le-Lez, le 31 mars 2026 \u00e0 19h. Ce dossier p\u00e9dagogique fournit des documents et des pistes d&rsquo;exploitation en classe.<\/p>\n<\/div><div style=\"text-align:left;\"><a class=\"fusion-button button-flat fusion-button-default-size button-custom fusion-button-default button-1 fusion-button-default-span \" style=\"--button_accent_color:var(--awb-color1);--button_accent_hover_color:var(--awb-color1);--button_border_hover_color:var(--awb-color1);--button-border-radius-top-left:0;--button-border-radius-top-right:0;--button-border-radius-bottom-right:0;--button-border-radius-bottom-left:0;--button_gradient_top_color:#50afaf;--button_gradient_bottom_color:#50afaf;--button_gradient_top_color_hover:hsla(var(--awb-color4-h),calc(var(--awb-color4-s) - 5%),calc(var(--awb-color4-l) - 10%),var(--awb-color4-a));--button_gradient_bottom_color_hover:hsla(var(--awb-color4-h),calc(var(--awb-color4-s) - 5%),calc(var(--awb-color4-l) - 10%),var(--awb-color4-a));--button_font_size:14px;\" target=\"_blank\" rel=\"noopener noreferrer\" title=\"https:\/\/view.genial.ly\/64bfbd2287c91c0011419141\/presentation-crhrd-buchenwald\" aria-label=\"https:\/\/view.genial.ly\/64bfbd2287c91c0011419141\/presentation-crhrd-buchenwald\" href=\"http:\/\/mur34.fr\/wp-content\/uploads\/2026\/03\/Conference-Viout.pdf\"><span class=\"fusion-button-text awb-button__text awb-button__text--default\">&gt; T\u00c9L\u00c9ChARGER LE DOCUMENT<\/span><\/a><\/div><\/div><\/div><\/div><\/div><div class=\"fusion-fullwidth fullwidth-box fusion-builder-row-4 fusion-flex-container has-pattern-background has-mask-background nonhundred-percent-fullwidth non-hundred-percent-height-scrolling\" style=\"--awb-border-radius-top-left:0px;--awb-border-radius-top-right:0px;--awb-border-radius-bottom-right:0px;--awb-border-radius-bottom-left:0px;--awb-margin-top:100px;--awb-flex-wrap:wrap;\" ><div class=\"fusion-builder-row fusion-row fusion-flex-align-items-flex-start fusion-flex-content-wrap\" style=\"max-width:1248px;margin-left: calc(-4% \/ 2 );margin-right: calc(-4% \/ 2 );\"><div class=\"fusion-layout-column fusion_builder_column fusion-builder-column-4 fusion_builder_column_1_1 1_1 fusion-flex-column\" style=\"--awb-bg-size:cover;--awb-width-large:100%;--awb-margin-top-large:0px;--awb-spacing-right-large:1.92%;--awb-margin-bottom-large:20px;--awb-spacing-left-large:1.92%;--awb-width-medium:100%;--awb-order-medium:0;--awb-spacing-right-medium:1.92%;--awb-spacing-left-medium:1.92%;--awb-width-small:100%;--awb-order-small:0;--awb-spacing-right-small:1.92%;--awb-spacing-left-small:1.92%;\"><div class=\"fusion-column-wrapper fusion-column-has-shadow fusion-flex-justify-content-flex-start fusion-content-layout-column\"><div class=\"fusion-title title fusion-title-2 fusion-sep-none fusion-title-text fusion-title-size-three\" style=\"--awb-text-color:#0071cf;--awb-margin-top-small:10px;--awb-margin-right-small:0px;--awb-margin-bottom-small:10px;--awb-margin-left-small:0px;--awb-font-size:2em;\"><h3 class=\"fusion-title-heading title-heading-left\" style=\"margin:0;text-transform:uppercase;font-size:1em;\">LES ENFANTS DE LA R\u00c9SISTANCE<\/h3><\/div><\/div><\/div><\/div><\/div><div class=\"fusion-fullwidth fullwidth-box fusion-builder-row-5 fusion-flex-container has-pattern-background has-mask-background nonhundred-percent-fullwidth non-hundred-percent-height-scrolling\" style=\"--awb-border-radius-top-left:0px;--awb-border-radius-top-right:0px;--awb-border-radius-bottom-right:0px;--awb-border-radius-bottom-left:0px;--awb-margin-bottom:0px;--awb-flex-wrap:wrap;\" ><div class=\"fusion-builder-row fusion-row fusion-flex-align-items-flex-start fusion-flex-content-wrap\" style=\"max-width:1248px;margin-left: calc(-4% \/ 2 );margin-right: calc(-4% \/ 2 );\"><div class=\"fusion-layout-column fusion_builder_column fusion-builder-column-5 fusion_builder_column_1_3 1_3 fusion-flex-column\" style=\"--awb-bg-size:cover;--awb-width-large:33.333333333333%;--awb-margin-top-large:0px;--awb-spacing-right-large:5.76%;--awb-margin-bottom-large:0px;--awb-spacing-left-large:5.76%;--awb-width-medium:33.333333333333%;--awb-order-medium:0;--awb-spacing-right-medium:5.76%;--awb-spacing-left-medium:5.76%;--awb-width-small:100%;--awb-order-small:0;--awb-spacing-right-small:1.92%;--awb-spacing-left-small:1.92%;\"><div class=\"fusion-column-wrapper fusion-column-has-shadow fusion-flex-justify-content-flex-start fusion-content-layout-column\"><div class=\"fusion-title title fusion-title-3 fusion-sep-none fusion-title-text fusion-title-size-three\" style=\"--awb-text-color:var(--awb-custom_color_12);--awb-margin-bottom:10px;--awb-margin-top-small:10px;--awb-margin-right-small:0px;--awb-margin-bottom-small:10px;--awb-margin-left-small:0px;--awb-font-size:2em;\"><h3 class=\"fusion-title-heading title-heading-left\" style=\"margin:0;text-transform:uppercase;font-size:1em;\"><\/h3><\/div><div class=\"fusion-image-element \" style=\"--awb-margin-bottom:20px;--awb-caption-title-font-family:var(--h2_typography-font-family);--awb-caption-title-font-weight:var(--h2_typography-font-weight);--awb-caption-title-font-style:var(--h2_typography-font-style);--awb-caption-title-size:var(--h2_typography-font-size);--awb-caption-title-transform:var(--h2_typography-text-transform);--awb-caption-title-line-height:var(--h2_typography-line-height);--awb-caption-title-letter-spacing:var(--h2_typography-letter-spacing);\"><span class=\" fusion-imageframe imageframe-none imageframe-2 hover-type-none\" style=\"border-radius:50px;\"><img decoding=\"async\" width=\"1024\" height=\"468\" title=\"banniere page\" src=\"http:\/\/mur34.fr\/wp-content\/uploads\/2025\/03\/banniere-page-1024x468.jpg\" alt class=\"img-responsive wp-image-2814\" srcset=\"https:\/\/mur34.fr\/wp-content\/uploads\/2025\/03\/banniere-page-200x91.jpg 200w, https:\/\/mur34.fr\/wp-content\/uploads\/2025\/03\/banniere-page-400x183.jpg 400w, https:\/\/mur34.fr\/wp-content\/uploads\/2025\/03\/banniere-page-600x274.jpg 600w, https:\/\/mur34.fr\/wp-content\/uploads\/2025\/03\/banniere-page-800x365.jpg 800w, https:\/\/mur34.fr\/wp-content\/uploads\/2025\/03\/banniere-page-1200x548.jpg 1200w, https:\/\/mur34.fr\/wp-content\/uploads\/2025\/03\/banniere-page.jpg 1565w\" sizes=\"(max-width: 640px) 100vw, 400px\" \/><\/span><\/div><\/div><\/div><div class=\"fusion-layout-column fusion_builder_column fusion-builder-column-6 fusion_builder_column_2_3 2_3 fusion-flex-column\" style=\"--awb-bg-size:cover;--awb-width-large:66.666666666667%;--awb-margin-top-large:0px;--awb-spacing-right-large:2.88%;--awb-margin-bottom-large:20px;--awb-spacing-left-large:2.88%;--awb-width-medium:66.666666666667%;--awb-order-medium:0;--awb-spacing-right-medium:2.88%;--awb-spacing-left-medium:2.88%;--awb-width-small:100%;--awb-order-small:0;--awb-spacing-right-small:1.92%;--awb-spacing-left-small:1.92%;\"><div class=\"fusion-column-wrapper fusion-column-has-shadow fusion-flex-justify-content-flex-start fusion-content-layout-column\"><div class=\"fusion-text fusion-text-3 fusion-text-no-margin\" style=\"--awb-content-alignment:justify;--awb-margin-bottom:40px;\"><p>Les \u00e9ditions Le Lombard proposent des ressources p\u00e9dagogiques autour de l&rsquo;exposition issue de la bande dessin\u00e9e <i>Les Enfants de la R\u00e9sistance<\/i> de Beno\u00eet Ers et Vincent Dugomier. En association avec Blynd, elles produisent le podcast \u00ab R\u00e9sister ! \u00bb : des \u00e9pisodes d\u2019une quinzaine de minutes chacun, pour d\u00e9couvrir les t\u00e9moignages de v\u00e9ritables enfants r\u00e9sistants.<\/p>\n<\/div><div style=\"text-align:left;\"><a class=\"fusion-button button-flat fusion-button-default-size button-custom fusion-button-default button-2 fusion-button-default-span \" style=\"--button_accent_color:var(--awb-color1);--button_accent_hover_color:var(--awb-color1);--button_border_hover_color:var(--awb-color1);--button-border-radius-top-left:0;--button-border-radius-top-right:0;--button-border-radius-bottom-right:0;--button-border-radius-bottom-left:0;--button_gradient_top_color:#50afaf;--button_gradient_bottom_color:#50afaf;--button_gradient_top_color_hover:hsla(var(--awb-color4-h),calc(var(--awb-color4-s) - 5%),calc(var(--awb-color4-l) - 10%),var(--awb-color4-a));--button_gradient_bottom_color_hover:hsla(var(--awb-color4-h),calc(var(--awb-color4-s) - 5%),calc(var(--awb-color4-l) - 10%),var(--awb-color4-a));--button_font_size:14px;\" target=\"_blank\" rel=\"noopener noreferrer\" title=\"https:\/\/view.genial.ly\/64bfbd2287c91c0011419141\/presentation-crhrd-buchenwald\" aria-label=\"https:\/\/view.genial.ly\/64bfbd2287c91c0011419141\/presentation-crhrd-buchenwald\" href=\"https:\/\/mur34.fr\/index.php\/docresspourenseignant\/les-enfants-de-la-resistance\/\"><span class=\"fusion-button-text awb-button__text awb-button__text--default\">&gt; \u00c9COUTER LES T\u00c9MOIGNAGES<\/span><\/a><\/div><\/div><\/div><\/div><\/div><div class=\"fusion-fullwidth fullwidth-box fusion-builder-row-6 fusion-flex-container has-pattern-background has-mask-background nonhundred-percent-fullwidth non-hundred-percent-height-scrolling\" style=\"--awb-border-radius-top-left:0px;--awb-border-radius-top-right:0px;--awb-border-radius-bottom-right:0px;--awb-border-radius-bottom-left:0px;--awb-margin-top:100px;--awb-flex-wrap:wrap;\" ><div class=\"fusion-builder-row fusion-row fusion-flex-align-items-flex-start fusion-flex-content-wrap\" style=\"max-width:1248px;margin-left: calc(-4% \/ 2 );margin-right: calc(-4% \/ 2 );\"><div class=\"fusion-layout-column fusion_builder_column fusion-builder-column-7 fusion_builder_column_1_1 1_1 fusion-flex-column\" style=\"--awb-bg-size:cover;--awb-width-large:100%;--awb-margin-top-large:0px;--awb-spacing-right-large:1.92%;--awb-margin-bottom-large:20px;--awb-spacing-left-large:1.92%;--awb-width-medium:100%;--awb-order-medium:0;--awb-spacing-right-medium:1.92%;--awb-spacing-left-medium:1.92%;--awb-width-small:100%;--awb-order-small:0;--awb-spacing-right-small:1.92%;--awb-spacing-left-small:1.92%;\"><div class=\"fusion-column-wrapper fusion-column-has-shadow fusion-flex-justify-content-flex-start fusion-content-layout-column\"><div class=\"fusion-title title fusion-title-4 fusion-sep-none fusion-title-text fusion-title-size-three\" style=\"--awb-text-color:#0071cf;--awb-margin-top-small:10px;--awb-margin-right-small:0px;--awb-margin-bottom-small:10px;--awb-margin-left-small:0px;--awb-font-size:2em;\"><h3 class=\"fusion-title-heading title-heading-left\" style=\"margin:0;text-transform:uppercase;font-size:1em;\">LE CAMP DE BUCHENWALD<\/h3><\/div><\/div><\/div><\/div><\/div><div class=\"fusion-fullwidth fullwidth-box fusion-builder-row-7 fusion-flex-container has-pattern-background has-mask-background nonhundred-percent-fullwidth non-hundred-percent-height-scrolling\" style=\"--awb-border-radius-top-left:0px;--awb-border-radius-top-right:0px;--awb-border-radius-bottom-right:0px;--awb-border-radius-bottom-left:0px;--awb-margin-bottom:0px;--awb-background-color:rgba(255,255,255,0.5);--awb-flex-wrap:wrap;\" ><div class=\"fusion-builder-row fusion-row fusion-flex-align-items-flex-start fusion-flex-content-wrap\" style=\"max-width:1248px;margin-left: calc(-4% \/ 2 );margin-right: calc(-4% \/ 2 );\"><div class=\"fusion-layout-column fusion_builder_column fusion-builder-column-8 fusion_builder_column_1_2 1_2 fusion-flex-column\" style=\"--awb-padding-top:20px;--awb-overflow:hidden;--awb-bg-size:cover;--awb-border-color:var(--awb-custom_color_2);--awb-border-top:0;--awb-border-right:0;--awb-border-bottom:0;--awb-border-left:0;--awb-border-style:solid;--awb-border-radius:25px 0px 0px 0px;--awb-width-large:50%;--awb-margin-top-large:0px;--awb-spacing-right-large:3.84%;--awb-margin-bottom-large:20px;--awb-spacing-left-large:3.84%;--awb-width-medium:50%;--awb-order-medium:0;--awb-spacing-right-medium:3.84%;--awb-spacing-left-medium:3.84%;--awb-width-small:100%;--awb-order-small:0;--awb-spacing-right-small:1.92%;--awb-spacing-left-small:1.92%;\"><div class=\"fusion-column-wrapper fusion-column-has-shadow fusion-flex-justify-content-flex-start fusion-content-layout-column\"><div class=\"fusion-text fusion-text-4 fusion-text-no-margin\" style=\"--awb-margin-bottom:40px;\"><p style=\"text-align: justify;\">En 2023, le Mus\u00e9e de la R\u00e9sistance et de la D\u00e9portation de Castelnau-le-Lez a accueilli une exposition centr\u00e9e sur Buchenwald. Cela a \u00e9t\u00e9 l&rsquo;occasion de faire de ce camp d&rsquo;internement <strong>un support d&rsquo;\u00e9tude<\/strong> du nazisme et de la Seconde Guerre mondiale. Destination de la majorit\u00e9 des d\u00e9port\u00e9s du midi de la France, le camp de Buchenwald permet aussi d&rsquo;introduire en classe des figures locales de la R\u00e9sistance et de r\u00e9fl\u00e9chir aux formes de l&rsquo;engagement.<\/p>\n<\/div><div style=\"text-align:left;\"><a class=\"fusion-button button-flat fusion-button-default-size button-custom fusion-button-default button-3 fusion-button-default-span \" style=\"--button_accent_color:var(--awb-color1);--button_accent_hover_color:var(--awb-color1);--button_border_hover_color:var(--awb-color1);--button-border-radius-top-left:0;--button-border-radius-top-right:0;--button-border-radius-bottom-right:0;--button-border-radius-bottom-left:0;--button_gradient_top_color:#50afaf;--button_gradient_bottom_color:#50afaf;--button_gradient_top_color_hover:hsla(var(--awb-color4-h),calc(var(--awb-color4-s) - 5%),calc(var(--awb-color4-l) - 10%),var(--awb-color4-a));--button_gradient_bottom_color_hover:hsla(var(--awb-color4-h),calc(var(--awb-color4-s) - 5%),calc(var(--awb-color4-l) - 10%),var(--awb-color4-a));--button_font_size:14px;\" target=\"_blank\" rel=\"noopener noreferrer\" title=\"https:\/\/view.genial.ly\/64bfbd2287c91c0011419141\/presentation-crhrd-buchenwald\" aria-label=\"https:\/\/view.genial.ly\/64bfbd2287c91c0011419141\/presentation-crhrd-buchenwald\" href=\"https:\/\/view.genial.ly\/64bfbd2287c91c0011419141\/presentation-crhrd-buchenwald\"><span class=\"fusion-button-text awb-button__text awb-button__text--default\">&gt; PARCOURIR LE DOCUMENT<\/span><\/a><\/div><\/div><\/div><div class=\"fusion-layout-column fusion_builder_column fusion-builder-column-9 fusion_builder_column_1_2 1_2 fusion-flex-column\" style=\"--awb-padding-top:20px;--awb-bg-size:cover;--awb-width-large:50%;--awb-margin-top-large:0px;--awb-spacing-right-large:3.84%;--awb-margin-bottom-large:20px;--awb-spacing-left-large:3.84%;--awb-width-medium:50%;--awb-order-medium:0;--awb-spacing-right-medium:3.84%;--awb-spacing-left-medium:3.84%;--awb-width-small:100%;--awb-order-small:0;--awb-spacing-right-small:1.92%;--awb-spacing-left-small:1.92%;\"><div class=\"fusion-column-wrapper fusion-column-has-shadow fusion-flex-justify-content-flex-start fusion-content-layout-column\"><div class=\"fusion-image-element \" style=\"--awb-caption-title-font-family:var(--h2_typography-font-family);--awb-caption-title-font-weight:var(--h2_typography-font-weight);--awb-caption-title-font-style:var(--h2_typography-font-style);--awb-caption-title-size:var(--h2_typography-font-size);--awb-caption-title-transform:var(--h2_typography-text-transform);--awb-caption-title-line-height:var(--h2_typography-line-height);--awb-caption-title-letter-spacing:var(--h2_typography-letter-spacing);\"><span class=\" fusion-imageframe imageframe-none imageframe-3 hover-type-none\" style=\"border-radius:50px;\"><a class=\"fusion-no-lightbox\" href=\"https:\/\/view.genial.ly\/64bfbd2287c91c0011419141\/presentation-crhrd-buchenwald\" target=\"_blank\" aria-label=\"ressource buch\" rel=\"noopener noreferrer\"><img decoding=\"async\" width=\"1317\" height=\"780\" src=\"http:\/\/mur34.fr\/wp-content\/uploads\/2024\/03\/ressource-buch.png\" alt class=\"img-responsive wp-image-2421\" srcset=\"https:\/\/mur34.fr\/wp-content\/uploads\/2024\/03\/ressource-buch-200x118.png 200w, https:\/\/mur34.fr\/wp-content\/uploads\/2024\/03\/ressource-buch-400x237.png 400w, https:\/\/mur34.fr\/wp-content\/uploads\/2024\/03\/ressource-buch-600x355.png 600w, https:\/\/mur34.fr\/wp-content\/uploads\/2024\/03\/ressource-buch-800x474.png 800w, https:\/\/mur34.fr\/wp-content\/uploads\/2024\/03\/ressource-buch-1200x711.png 1200w, https:\/\/mur34.fr\/wp-content\/uploads\/2024\/03\/ressource-buch.png 1317w\" sizes=\"(max-width: 640px) 100vw, 600px\" \/><\/a><\/span><\/div><\/div><\/div><\/div><\/div><div class=\"fusion-fullwidth fullwidth-box fusion-builder-row-8 fusion-flex-container has-pattern-background has-mask-background nonhundred-percent-fullwidth non-hundred-percent-height-scrolling\" style=\"--awb-border-radius-top-left:0px;--awb-border-radius-top-right:0px;--awb-border-radius-bottom-right:0px;--awb-border-radius-bottom-left:0px;--awb-margin-bottom:0px;--awb-flex-wrap:wrap;\" ><div class=\"fusion-builder-row fusion-row fusion-flex-align-items-flex-start fusion-flex-content-wrap\" style=\"max-width:1248px;margin-left: calc(-4% \/ 2 );margin-right: calc(-4% \/ 2 );\"><div class=\"fusion-layout-column fusion_builder_column fusion-builder-column-10 fusion_builder_column_1_1 1_1 fusion-flex-column\" style=\"--awb-bg-size:cover;--awb-width-large:100%;--awb-margin-top-large:0px;--awb-spacing-right-large:1.92%;--awb-margin-bottom-large:0px;--awb-spacing-left-large:1.92%;--awb-width-medium:100%;--awb-order-medium:0;--awb-spacing-right-medium:1.92%;--awb-spacing-left-medium:1.92%;--awb-width-small:100%;--awb-order-small:0;--awb-spacing-right-small:1.92%;--awb-spacing-left-small:1.92%;\"><div class=\"fusion-column-wrapper fusion-column-has-shadow fusion-flex-justify-content-flex-start fusion-content-layout-column\"><div class=\"fusion-title title fusion-title-5 fusion-sep-none fusion-title-text fusion-title-size-three\" style=\"--awb-text-color:var(--awb-custom_color_12);--awb-margin-top:100px;--awb-margin-bottom:10px;--awb-margin-top-small:10px;--awb-margin-right-small:0px;--awb-margin-bottom-small:10px;--awb-margin-left-small:0px;--awb-font-size:2em;\"><h3 class=\"fusion-title-heading title-heading-left\" style=\"margin:0;text-transform:uppercase;font-size:1em;\">podcast \u00ab\u00a0Comment enseigner la shoah\u00a0\u00bb<\/h3><\/div><\/div><\/div><\/div><\/div><div class=\"fusion-fullwidth fullwidth-box fusion-builder-row-9 fusion-flex-container has-pattern-background has-mask-background nonhundred-percent-fullwidth non-hundred-percent-height-scrolling\" style=\"--awb-border-radius-top-left:0px;--awb-border-radius-top-right:0px;--awb-border-radius-bottom-right:0px;--awb-border-radius-bottom-left:0px;--awb-margin-bottom:100px;--awb-background-color:rgba(255,255,255,0.5);--awb-flex-wrap:wrap;\" ><div class=\"fusion-builder-row fusion-row fusion-flex-align-items-flex-start fusion-flex-content-wrap\" style=\"max-width:1248px;margin-left: calc(-4% \/ 2 );margin-right: calc(-4% \/ 2 );\"><div class=\"fusion-layout-column fusion_builder_column fusion-builder-column-11 fusion_builder_column_1_2 1_2 fusion-flex-column\" style=\"--awb-padding-top:20px;--awb-overflow:hidden;--awb-bg-size:cover;--awb-border-color:var(--awb-custom_color_2);--awb-border-top:0;--awb-border-right:0;--awb-border-bottom:0;--awb-border-left:0;--awb-border-style:solid;--awb-border-radius:25px 0px 0px 0px;--awb-width-large:50%;--awb-margin-top-large:0px;--awb-spacing-right-large:3.84%;--awb-margin-bottom-large:20px;--awb-spacing-left-large:3.84%;--awb-width-medium:50%;--awb-order-medium:0;--awb-spacing-right-medium:3.84%;--awb-spacing-left-medium:3.84%;--awb-width-small:100%;--awb-order-small:0;--awb-spacing-right-small:1.92%;--awb-spacing-left-small:1.92%;\"><div class=\"fusion-column-wrapper fusion-column-has-shadow fusion-flex-justify-content-flex-start fusion-content-layout-column\"><div class=\"fusion-text fusion-text-5 fusion-text-no-margin\" style=\"--awb-margin-bottom:40px;\"><p style=\"text-align: justify;\">Retrouvez les podcasts de Radio Clapas bas\u00e9s sur la formation \u00ab&nbsp;Comment enseigner la Shoah&nbsp;\u00bb&nbsp;propos\u00e9e par le M\u00e9morial de la Shoah.<\/p>\n<\/div><div style=\"text-align:left;\"><a class=\"fusion-button button-flat fusion-button-default-size button-custom fusion-button-default button-4 fusion-button-default-span \" style=\"--button_accent_color:var(--awb-color1);--button_accent_hover_color:var(--awb-color1);--button_border_hover_color:var(--awb-color1);--button-border-radius-top-left:0;--button-border-radius-top-right:0;--button-border-radius-bottom-right:0;--button-border-radius-bottom-left:0;--button_gradient_top_color:#50afaf;--button_gradient_bottom_color:#50afaf;--button_gradient_top_color_hover:hsla(var(--awb-color4-h),calc(var(--awb-color4-s) - 5%),calc(var(--awb-color4-l) - 10%),var(--awb-color4-a));--button_gradient_bottom_color_hover:hsla(var(--awb-color4-h),calc(var(--awb-color4-s) - 5%),calc(var(--awb-color4-l) - 10%),var(--awb-color4-a));--button_font_size:14px;\" target=\"_blank\" rel=\"noopener noreferrer\" title=\"https:\/\/www.radioclapas.fr\/portfolio\/pij-comment-enseigner-la-shoah\/\" aria-label=\"https:\/\/www.radioclapas.fr\/portfolio\/pij-comment-enseigner-la-shoah\/\" href=\"https:\/\/www.radioclapas.fr\/portfolio\/pij-comment-enseigner-la-shoah\/\"><span class=\"fusion-button-text awb-button__text awb-button__text--default\">&gt; ALLER SUR LA PAGE<\/span><\/a><\/div><\/div><\/div><div class=\"fusion-layout-column fusion_builder_column fusion-builder-column-12 fusion_builder_column_1_2 1_2 fusion-flex-column\" style=\"--awb-padding-top:20px;--awb-bg-size:cover;--awb-width-large:50%;--awb-margin-top-large:0px;--awb-spacing-right-large:3.84%;--awb-margin-bottom-large:20px;--awb-spacing-left-large:3.84%;--awb-width-medium:50%;--awb-order-medium:0;--awb-spacing-right-medium:3.84%;--awb-spacing-left-medium:3.84%;--awb-width-small:100%;--awb-order-small:0;--awb-spacing-right-small:1.92%;--awb-spacing-left-small:1.92%;\"><div class=\"fusion-column-wrapper fusion-column-has-shadow fusion-flex-justify-content-flex-start fusion-content-layout-column\"><div class=\"fusion-image-element \" style=\"--awb-margin-bottom:30px;--awb-caption-title-font-family:var(--h2_typography-font-family);--awb-caption-title-font-weight:var(--h2_typography-font-weight);--awb-caption-title-font-style:var(--h2_typography-font-style);--awb-caption-title-size:var(--h2_typography-font-size);--awb-caption-title-transform:var(--h2_typography-text-transform);--awb-caption-title-line-height:var(--h2_typography-line-height);--awb-caption-title-letter-spacing:var(--h2_typography-letter-spacing);\"><span class=\" fusion-imageframe imageframe-none imageframe-4 hover-type-none\" style=\"border-radius:50px;\"><a class=\"fusion-no-lightbox\" href=\"https:\/\/www.radioclapas.fr\/portfolio\/pij-comment-enseigner-la-shoah\/\" target=\"_blank\" aria-label=\"visuel enseigner shoah\" rel=\"noopener noreferrer\"><img decoding=\"async\" width=\"300\" height=\"300\" src=\"http:\/\/mur34.fr\/wp-content\/uploads\/2025\/01\/visuel-enseigner-shoah-300x300.jpg\" alt class=\"img-responsive wp-image-2714\" srcset=\"https:\/\/mur34.fr\/wp-content\/uploads\/2025\/01\/visuel-enseigner-shoah-200x200.jpg 200w, https:\/\/mur34.fr\/wp-content\/uploads\/2025\/01\/visuel-enseigner-shoah-400x400.jpg 400w, https:\/\/mur34.fr\/wp-content\/uploads\/2025\/01\/visuel-enseigner-shoah.jpg 500w\" sizes=\"(max-width: 640px) 100vw, 300px\" \/><\/a><\/span><\/div><\/div><\/div><\/div><\/div><div class=\"fusion-fullwidth fullwidth-box fusion-builder-row-10 fusion-flex-container has-pattern-background has-mask-background nonhundred-percent-fullwidth non-hundred-percent-height-scrolling\" style=\"--awb-border-radius-top-left:0px;--awb-border-radius-top-right:0px;--awb-border-radius-bottom-right:0px;--awb-border-radius-bottom-left:0px;--awb-margin-bottom:0px;--awb-background-color:rgba(255,255,255,0.5);--awb-flex-wrap:wrap;\" ><div class=\"fusion-builder-row fusion-row fusion-flex-align-items-flex-start fusion-flex-content-wrap\" style=\"max-width:1248px;margin-left: calc(-4% \/ 2 );margin-right: calc(-4% \/ 2 );\"><div class=\"fusion-layout-column fusion_builder_column fusion-builder-column-13 fusion_builder_column_1_2 1_2 fusion-flex-column\" style=\"--awb-overflow:hidden;--awb-bg-size:cover;--awb-border-color:var(--awb-custom_color_2);--awb-border-top:0;--awb-border-right:0;--awb-border-bottom:0;--awb-border-left:0;--awb-border-style:solid;--awb-border-radius:25px 0px 0px 0px;--awb-width-large:50%;--awb-margin-top-large:0px;--awb-spacing-right-large:3.84%;--awb-margin-bottom-large:20px;--awb-spacing-left-large:3.84%;--awb-width-medium:50%;--awb-order-medium:0;--awb-spacing-right-medium:3.84%;--awb-spacing-left-medium:3.84%;--awb-width-small:100%;--awb-order-small:0;--awb-spacing-right-small:1.92%;--awb-spacing-left-small:1.92%;\"><div class=\"fusion-column-wrapper fusion-column-has-shadow fusion-flex-justify-content-flex-start fusion-content-layout-column\"><div class=\"fusion-title title fusion-title-6 fusion-sep-none fusion-title-text fusion-title-size-three\" style=\"--awb-text-color:var(--awb-custom_color_12);--awb-margin-top:50px;--awb-margin-bottom:10px;--awb-margin-top-small:10px;--awb-margin-right-small:0px;--awb-margin-bottom-small:10px;--awb-margin-left-small:0px;--awb-font-size:2em;\"><h3 class=\"fusion-title-heading title-heading-left\" style=\"margin:0;text-transform:uppercase;font-size:1em;\">Lettre M\u00e9moire citoyennet\u00e9 et d\u00e9fense<\/h3><\/div><div class=\"fusion-text fusion-text-6 fusion-text-no-margin\" style=\"--awb-margin-bottom:40px;\"><p style=\"text-align: justify;\">Retrouvez les derni\u00e8res \u00e9ditions de la Lettre M\u00e9moire, citoyennet\u00e9 et d\u00e9fense propos\u00e9e par l&rsquo;Acad\u00e9mie de Montpellier.<\/p>\n<\/div><div style=\"text-align:left;\"><a class=\"fusion-button button-flat fusion-button-default-size button-custom fusion-button-default button-5 fusion-button-default-span \" style=\"--button_accent_color:var(--awb-color1);--button_accent_hover_color:var(--awb-color1);--button_border_hover_color:var(--awb-color1);--button-border-radius-top-left:0;--button-border-radius-top-right:0;--button-border-radius-bottom-right:0;--button-border-radius-bottom-left:0;--button_gradient_top_color:#50afaf;--button_gradient_bottom_color:#50afaf;--button_gradient_top_color_hover:hsla(var(--awb-color4-h),calc(var(--awb-color4-s) - 5%),calc(var(--awb-color4-l) - 10%),var(--awb-color4-a));--button_gradient_bottom_color_hover:hsla(var(--awb-color4-h),calc(var(--awb-color4-s) - 5%),calc(var(--awb-color4-l) - 10%),var(--awb-color4-a));--button_font_size:14px;\" target=\"_blank\" rel=\"noopener noreferrer\" title=\"https:\/\/view.genial.ly\/64bfbd2287c91c0011419141\/presentation-crhrd-buchenwald\" aria-label=\"https:\/\/view.genial.ly\/64bfbd2287c91c0011419141\/presentation-crhrd-buchenwald\" href=\"https:\/\/pedagogie.ac-montpellier.fr\/lettre-memoire-citoyennete-et-defense-accueil-et-sommaire\"><span class=\"fusion-button-text awb-button__text awb-button__text--default\">&gt; ALLER SUR LA PAGE<\/span><\/a><\/div><\/div><\/div><div class=\"fusion-layout-column fusion_builder_column fusion-builder-column-14 fusion_builder_column_1_2 1_2 fusion-flex-column\" style=\"--awb-padding-top:20px;--awb-bg-size:cover;--awb-width-large:50%;--awb-margin-top-large:0px;--awb-spacing-right-large:3.84%;--awb-margin-bottom-large:20px;--awb-spacing-left-large:3.84%;--awb-width-medium:50%;--awb-order-medium:0;--awb-spacing-right-medium:3.84%;--awb-spacing-left-medium:3.84%;--awb-width-small:100%;--awb-order-small:0;--awb-spacing-right-small:1.92%;--awb-spacing-left-small:1.92%;\"><div class=\"fusion-column-wrapper fusion-column-has-shadow fusion-flex-justify-content-flex-start fusion-content-layout-column\"><div class=\"fusion-image-element \" style=\"--awb-caption-title-font-family:var(--h2_typography-font-family);--awb-caption-title-font-weight:var(--h2_typography-font-weight);--awb-caption-title-font-style:var(--h2_typography-font-style);--awb-caption-title-size:var(--h2_typography-font-size);--awb-caption-title-transform:var(--h2_typography-text-transform);--awb-caption-title-line-height:var(--h2_typography-line-height);--awb-caption-title-letter-spacing:var(--h2_typography-letter-spacing);\"><span class=\" fusion-imageframe imageframe-none imageframe-5 hover-type-none\" style=\"border-radius:50px;\"><a class=\"fusion-no-lightbox\" href=\"https:\/\/pedagogie.ac-montpellier.fr\/lettre-memoire-citoyennete-et-defense-accueil-et-sommaire\" target=\"_blank\" aria-label=\"Logo lettre memoire\" rel=\"noopener noreferrer\"><img decoding=\"async\" width=\"300\" height=\"286\" src=\"http:\/\/mur34.fr\/wp-content\/uploads\/2025\/01\/Logo-lettre-memoire-300x286.jpg\" alt class=\"img-responsive wp-image-2707\" srcset=\"https:\/\/mur34.fr\/wp-content\/uploads\/2025\/01\/Logo-lettre-memoire-200x191.jpg 200w, https:\/\/mur34.fr\/wp-content\/uploads\/2025\/01\/Logo-lettre-memoire-400x382.jpg 400w, https:\/\/mur34.fr\/wp-content\/uploads\/2025\/01\/Logo-lettre-memoire-600x573.jpg 600w, https:\/\/mur34.fr\/wp-content\/uploads\/2025\/01\/Logo-lettre-memoire.jpg 767w\" sizes=\"(max-width: 640px) 100vw, 600px\" \/><\/a><\/span><\/div><\/div><\/div><\/div><\/div><\/p>\n","protected":false},"excerpt":{"rendered":"","protected":false},"author":1,"featured_media":0,"parent":0,"menu_order":0,"comment_status":"closed","ping_status":"closed","template":"100-width.php","meta":{"footnotes":""},"class_list":["post-151","page","type-page","status-publish","hentry"],"yoast_head":"<!-- This site is optimized with the Yoast SEO plugin v27.3 - https:\/\/yoast.com\/product\/yoast-seo-wordpress\/ -->\n<title>RESSOURCES POUR L&#039;ENSEIGNANT - MUR-Castelnau-le-Lez<\/title>\n<meta name=\"description\" content=\"RESSOURCES POUR L&#039;ENSEIGNANT\" \/>\n<meta name=\"robots\" content=\"index, follow, max-snippet:-1, max-image-preview:large, max-video-preview:-1\" \/>\n<link rel=\"canonical\" href=\"https:\/\/mur34.fr\/index.php\/docresspourenseignant\/\" \/>\n<meta property=\"og:locale\" content=\"fr_FR\" \/>\n<meta property=\"og:type\" content=\"article\" \/>\n<meta property=\"og:title\" content=\"RESSOURCES POUR L&#039;ENSEIGNANT - MUR-Castelnau-le-Lez\" \/>\n<meta property=\"og:description\" content=\"RESSOURCES POUR L&#039;ENSEIGNANT\" \/>\n<meta property=\"og:url\" content=\"https:\/\/mur34.fr\/index.php\/docresspourenseignant\/\" \/>\n<meta property=\"og:site_name\" content=\"MUR-Castelnau-le-Lez\" \/>\n<meta property=\"article:publisher\" content=\"https:\/\/www.facebook.com\/museedelaresistancedemontpellier\" \/>\n<meta property=\"article:modified_time\" content=\"2026-03-10T09:15:17+00:00\" \/>\n<meta property=\"og:image\" content=\"https:\/\/mur34.fr\/wp-content\/uploads\/2023\/10\/logo-CRHRD-PETIT-COULEURS-SOMBRES-80-06-1.png\" \/>\n\t<meta property=\"og:image:width\" content=\"62\" \/>\n\t<meta property=\"og:image:height\" content=\"77\" \/>\n\t<meta property=\"og:image:type\" content=\"image\/png\" \/>\n<meta name=\"twitter:card\" content=\"summary_large_image\" \/>\n<meta name=\"twitter:label1\" content=\"Dur\u00e9e de lecture estim\u00e9e\" \/>\n\t<meta name=\"twitter:data1\" content=\"2 minutes\" \/>\n<script type=\"application\/ld+json\" class=\"yoast-schema-graph\">{\"@context\":\"https:\\\/\\\/schema.org\",\"@graph\":[{\"@type\":\"WebPage\",\"@id\":\"https:\\\/\\\/mur34.fr\\\/index.php\\\/docresspourenseignant\\\/\",\"url\":\"https:\\\/\\\/mur34.fr\\\/index.php\\\/docresspourenseignant\\\/\",\"name\":\"RESSOURCES POUR L'ENSEIGNANT - MUR-Castelnau-le-Lez\",\"isPartOf\":{\"@id\":\"https:\\\/\\\/mur34.fr\\\/#website\"},\"datePublished\":\"2022-04-02T14:45:23+00:00\",\"dateModified\":\"2026-03-10T09:15:17+00:00\",\"description\":\"RESSOURCES POUR L'ENSEIGNANT\",\"breadcrumb\":{\"@id\":\"https:\\\/\\\/mur34.fr\\\/index.php\\\/docresspourenseignant\\\/#breadcrumb\"},\"inLanguage\":\"fr-FR\",\"potentialAction\":[{\"@type\":\"ReadAction\",\"target\":[\"https:\\\/\\\/mur34.fr\\\/index.php\\\/docresspourenseignant\\\/\"]}]},{\"@type\":\"BreadcrumbList\",\"@id\":\"https:\\\/\\\/mur34.fr\\\/index.php\\\/docresspourenseignant\\\/#breadcrumb\",\"itemListElement\":[{\"@type\":\"ListItem\",\"position\":1,\"name\":\"Accueil\",\"item\":\"https:\\\/\\\/mur34.fr\\\/\"},{\"@type\":\"ListItem\",\"position\":2,\"name\":\"RESSOURCES POUR L&rsquo;ENSEIGNANT\"}]},{\"@type\":\"WebSite\",\"@id\":\"https:\\\/\\\/mur34.fr\\\/#website\",\"url\":\"https:\\\/\\\/mur34.fr\\\/\",\"name\":\"MUR-Castelnau-le-Lez\",\"description\":\"Mus\u00e9e de la R\u00e9sistance et de la D\u00e9portation - CASTELNAU-LE-LEZ\",\"publisher\":{\"@id\":\"https:\\\/\\\/mur34.fr\\\/#organization\"},\"alternateName\":\"MUR34\",\"potentialAction\":[{\"@type\":\"SearchAction\",\"target\":{\"@type\":\"EntryPoint\",\"urlTemplate\":\"https:\\\/\\\/mur34.fr\\\/?s={search_term_string}\"},\"query-input\":{\"@type\":\"PropertyValueSpecification\",\"valueRequired\":true,\"valueName\":\"search_term_string\"}}],\"inLanguage\":\"fr-FR\"},{\"@type\":\"Organization\",\"@id\":\"https:\\\/\\\/mur34.fr\\\/#organization\",\"name\":\"Mus\u00e9e de la R\u00e9sistance et de la D\u00e9portation - Castelnau-le-Lez\",\"alternateName\":\"MUR34\",\"url\":\"https:\\\/\\\/mur34.fr\\\/\",\"logo\":{\"@type\":\"ImageObject\",\"inLanguage\":\"fr-FR\",\"@id\":\"https:\\\/\\\/mur34.fr\\\/#\\\/schema\\\/logo\\\/image\\\/\",\"url\":\"https:\\\/\\\/mur34.fr\\\/wp-content\\\/uploads\\\/2024\\\/11\\\/logo-MUR34-1.png\",\"contentUrl\":\"https:\\\/\\\/mur34.fr\\\/wp-content\\\/uploads\\\/2024\\\/11\\\/logo-MUR34-1.png\",\"width\":537,\"height\":696,\"caption\":\"Mus\u00e9e de la R\u00e9sistance et de la D\u00e9portation - Castelnau-le-Lez\"},\"image\":{\"@id\":\"https:\\\/\\\/mur34.fr\\\/#\\\/schema\\\/logo\\\/image\\\/\"},\"sameAs\":[\"https:\\\/\\\/www.facebook.com\\\/museedelaresistancedemontpellier\"]}]}<\/script>\n<!-- \/ Yoast SEO plugin. -->","yoast_head_json":{"title":"RESSOURCES POUR L'ENSEIGNANT - MUR-Castelnau-le-Lez","description":"RESSOURCES POUR L'ENSEIGNANT","robots":{"index":"index","follow":"follow","max-snippet":"max-snippet:-1","max-image-preview":"max-image-preview:large","max-video-preview":"max-video-preview:-1"},"canonical":"https:\/\/mur34.fr\/index.php\/docresspourenseignant\/","og_locale":"fr_FR","og_type":"article","og_title":"RESSOURCES POUR L'ENSEIGNANT - MUR-Castelnau-le-Lez","og_description":"RESSOURCES POUR L'ENSEIGNANT","og_url":"https:\/\/mur34.fr\/index.php\/docresspourenseignant\/","og_site_name":"MUR-Castelnau-le-Lez","article_publisher":"https:\/\/www.facebook.com\/museedelaresistancedemontpellier","article_modified_time":"2026-03-10T09:15:17+00:00","og_image":[{"width":62,"height":77,"url":"https:\/\/mur34.fr\/wp-content\/uploads\/2023\/10\/logo-CRHRD-PETIT-COULEURS-SOMBRES-80-06-1.png","type":"image\/png"}],"twitter_card":"summary_large_image","twitter_misc":{"Dur\u00e9e de lecture estim\u00e9e":"2 minutes"},"schema":{"@context":"https:\/\/schema.org","@graph":[{"@type":"WebPage","@id":"https:\/\/mur34.fr\/index.php\/docresspourenseignant\/","url":"https:\/\/mur34.fr\/index.php\/docresspourenseignant\/","name":"RESSOURCES POUR L'ENSEIGNANT - MUR-Castelnau-le-Lez","isPartOf":{"@id":"https:\/\/mur34.fr\/#website"},"datePublished":"2022-04-02T14:45:23+00:00","dateModified":"2026-03-10T09:15:17+00:00","description":"RESSOURCES POUR L'ENSEIGNANT","breadcrumb":{"@id":"https:\/\/mur34.fr\/index.php\/docresspourenseignant\/#breadcrumb"},"inLanguage":"fr-FR","potentialAction":[{"@type":"ReadAction","target":["https:\/\/mur34.fr\/index.php\/docresspourenseignant\/"]}]},{"@type":"BreadcrumbList","@id":"https:\/\/mur34.fr\/index.php\/docresspourenseignant\/#breadcrumb","itemListElement":[{"@type":"ListItem","position":1,"name":"Accueil","item":"https:\/\/mur34.fr\/"},{"@type":"ListItem","position":2,"name":"RESSOURCES POUR L&rsquo;ENSEIGNANT"}]},{"@type":"WebSite","@id":"https:\/\/mur34.fr\/#website","url":"https:\/\/mur34.fr\/","name":"MUR-Castelnau-le-Lez","description":"Mus\u00e9e de la R\u00e9sistance et de la D\u00e9portation - CASTELNAU-LE-LEZ","publisher":{"@id":"https:\/\/mur34.fr\/#organization"},"alternateName":"MUR34","potentialAction":[{"@type":"SearchAction","target":{"@type":"EntryPoint","urlTemplate":"https:\/\/mur34.fr\/?s={search_term_string}"},"query-input":{"@type":"PropertyValueSpecification","valueRequired":true,"valueName":"search_term_string"}}],"inLanguage":"fr-FR"},{"@type":"Organization","@id":"https:\/\/mur34.fr\/#organization","name":"Mus\u00e9e de la R\u00e9sistance et de la D\u00e9portation - Castelnau-le-Lez","alternateName":"MUR34","url":"https:\/\/mur34.fr\/","logo":{"@type":"ImageObject","inLanguage":"fr-FR","@id":"https:\/\/mur34.fr\/#\/schema\/logo\/image\/","url":"https:\/\/mur34.fr\/wp-content\/uploads\/2024\/11\/logo-MUR34-1.png","contentUrl":"https:\/\/mur34.fr\/wp-content\/uploads\/2024\/11\/logo-MUR34-1.png","width":537,"height":696,"caption":"Mus\u00e9e de la R\u00e9sistance et de la D\u00e9portation - Castelnau-le-Lez"},"image":{"@id":"https:\/\/mur34.fr\/#\/schema\/logo\/image\/"},"sameAs":["https:\/\/www.facebook.com\/museedelaresistancedemontpellier"]}]}},"_links":{"self":[{"href":"https:\/\/mur34.fr\/index.php\/wp-json\/wp\/v2\/pages\/151","targetHints":{"allow":["GET"]}}],"collection":[{"href":"https:\/\/mur34.fr\/index.php\/wp-json\/wp\/v2\/pages"}],"about":[{"href":"https:\/\/mur34.fr\/index.php\/wp-json\/wp\/v2\/types\/page"}],"author":[{"embeddable":true,"href":"https:\/\/mur34.fr\/index.php\/wp-json\/wp\/v2\/users\/1"}],"replies":[{"embeddable":true,"href":"https:\/\/mur34.fr\/index.php\/wp-json\/wp\/v2\/comments?post=151"}],"version-history":[{"count":135,"href":"https:\/\/mur34.fr\/index.php\/wp-json\/wp\/v2\/pages\/151\/revisions"}],"predecessor-version":[{"id":3297,"href":"https:\/\/mur34.fr\/index.php\/wp-json\/wp\/v2\/pages\/151\/revisions\/3297"}],"wp:attachment":[{"href":"https:\/\/mur34.fr\/index.php\/wp-json\/wp\/v2\/media?parent=151"}],"curies":[{"name":"wp","href":"https:\/\/api.w.org\/{rel}","templated":true}]}}