{"id":955,"date":"2023-03-30T19:02:21","date_gmt":"2023-03-30T17:02:21","guid":{"rendered":"https:\/\/mur34.fr\/?page_id=955"},"modified":"2026-04-02T11:19:49","modified_gmt":"2026-04-02T09:19:49","slug":"comite-de-lherault","status":"publish","type":"page","link":"https:\/\/mur34.fr\/index.php\/comite-de-lherault\/","title":{"rendered":"COMIT\u00c9 DE L&rsquo;H\u00c9RAULT"},"content":{"rendered":"<p><div class=\"fusion-fullwidth fullwidth-box fusion-builder-row-1 fusion-flex-container has-pattern-background has-mask-background nonhundred-percent-fullwidth non-hundred-percent-height-scrolling\" style=\"--awb-border-radius-top-left:0px;--awb-border-radius-top-right:0px;--awb-border-radius-bottom-right:0px;--awb-border-radius-bottom-left:0px;--awb-flex-wrap:wrap;\" ><div class=\"fusion-builder-row fusion-row fusion-flex-align-items-flex-start fusion-flex-content-wrap\" style=\"max-width:1248px;margin-left: calc(-4% \/ 2 );margin-right: calc(-4% \/ 2 );\"><div class=\"fusion-layout-column fusion_builder_column fusion-builder-column-0 fusion_builder_column_2_3 2_3 fusion-flex-column\" style=\"--awb-padding-top:20px;--awb-padding-bottom:20px;--awb-padding-left:40px;--awb-overflow:hidden;--awb-bg-size:cover;--awb-border-color:var(--awb-custom_color_12);--awb-border-top:0;--awb-border-right:0;--awb-border-bottom:0;--awb-border-left:5px;--awb-border-style:solid;--awb-border-radius:25px 0px 0px 25px;--awb-width-large:66.666666666667%;--awb-margin-top-large:0px;--awb-spacing-right-large:2.88%;--awb-margin-bottom-large:20px;--awb-spacing-left-large:2.88%;--awb-width-medium:66.666666666667%;--awb-order-medium:0;--awb-spacing-right-medium:2.88%;--awb-spacing-left-medium:2.88%;--awb-width-small:100%;--awb-order-small:0;--awb-spacing-right-small:1.92%;--awb-spacing-left-small:1.92%;\"><div class=\"fusion-column-wrapper fusion-column-has-shadow fusion-flex-justify-content-flex-start fusion-content-layout-column\"><i class=\"fb-icon-element-1 fb-icon-element fontawesome-icon fa-quote-right fas circle-no\" style=\"--awb-iconcolor:var(--awb-custom_color_12);--awb-iconcolor-hover:var(--awb-custom_color_2);--awb-font-size:32px;--awb-align-self:flex-start;--awb-margin-top:20px;--awb-margin-right:0px;--awb-margin-bottom:40px;--awb-margin-left:0px;\"><\/i><div class=\"fusion-text fusion-text-1\"><p align=\"justify\"><b>ARTICLE 1- <\/b>Le <b>Comit\u00e9 d&rsquo;organisation du concours de la R\u00e9sistance et de la D\u00e9portation de<\/b> <b>l&rsquo;H\u00e9rault <\/b>est une association r\u00e9gie par la loi du 1<sup>er<\/sup> Juillet 1901.<\/p>\n<p align=\"justify\">Il a son si\u00e8ge social au Mus\u00e9e de la R\u00e9sistance et de la D\u00e9portation, 1 place de la Libert\u00e9, 34170 Castelnau-Le-Lez. Ce si\u00e8ge pourra \u00eatre transf\u00e9r\u00e9 en tout autre lieu du d\u00e9partement sur d\u00e9cision du Comit\u00e9.<\/p>\n<\/div><\/div><\/div><div class=\"fusion-layout-column fusion_builder_column fusion-builder-column-1 fusion_builder_column_1_3 1_3 fusion-flex-column\" style=\"--awb-bg-size:cover;--awb-width-large:33.333333333333%;--awb-margin-top-large:0px;--awb-spacing-right-large:5.76%;--awb-margin-bottom-large:20px;--awb-spacing-left-large:5.76%;--awb-width-medium:33.333333333333%;--awb-order-medium:0;--awb-spacing-right-medium:5.76%;--awb-spacing-left-medium:5.76%;--awb-width-small:100%;--awb-order-small:0;--awb-spacing-right-small:1.92%;--awb-spacing-left-small:1.92%;\"><div class=\"fusion-column-wrapper fusion-column-has-shadow fusion-flex-justify-content-flex-start fusion-content-layout-column\"><div class=\"fusion-image-element \" style=\"text-align:center;--awb-margin-top:80px;--awb-max-width:200px;--awb-caption-title-font-family:var(--h2_typography-font-family);--awb-caption-title-font-weight:var(--h2_typography-font-weight);--awb-caption-title-font-style:var(--h2_typography-font-style);--awb-caption-title-size:var(--h2_typography-font-size);--awb-caption-title-transform:var(--h2_typography-text-transform);--awb-caption-title-line-height:var(--h2_typography-line-height);--awb-caption-title-letter-spacing:var(--h2_typography-letter-spacing);\"><span class=\" fusion-imageframe imageframe-none imageframe-1 hover-type-none\" style=\"border-radius:50px;\"><img decoding=\"async\" width=\"500\" height=\"500\" title=\"logo cnrd 2 sans fond\" src=\"http:\/\/mur34.fr\/wp-content\/uploads\/2026\/04\/logo-cnrd-2-sans-fond.png\" alt class=\"img-responsive wp-image-3325\" srcset=\"https:\/\/mur34.fr\/wp-content\/uploads\/2026\/04\/logo-cnrd-2-sans-fond-200x200.png 200w, https:\/\/mur34.fr\/wp-content\/uploads\/2026\/04\/logo-cnrd-2-sans-fond-400x400.png 400w, https:\/\/mur34.fr\/wp-content\/uploads\/2026\/04\/logo-cnrd-2-sans-fond.png 500w\" sizes=\"(max-width: 640px) 100vw, 400px\" \/><\/span><\/div><\/div><\/div><\/div><\/div><div class=\"fusion-fullwidth fullwidth-box fusion-builder-row-2 fusion-flex-container has-pattern-background has-mask-background nonhundred-percent-fullwidth non-hundred-percent-height-scrolling\" style=\"--awb-border-radius-top-left:0px;--awb-border-radius-top-right:0px;--awb-border-radius-bottom-right:0px;--awb-border-radius-bottom-left:0px;--awb-margin-bottom:0px;--awb-flex-wrap:wrap;\" ><div class=\"fusion-builder-row fusion-row fusion-flex-align-items-flex-start fusion-flex-content-wrap\" style=\"max-width:1248px;margin-left: calc(-4% \/ 2 );margin-right: calc(-4% \/ 2 );\"><div class=\"fusion-layout-column fusion_builder_column fusion-builder-column-2 fusion_builder_column_1_1 1_1 fusion-flex-column\" style=\"--awb-bg-size:cover;--awb-width-large:100%;--awb-margin-top-large:0px;--awb-spacing-right-large:1.92%;--awb-margin-bottom-large:0px;--awb-spacing-left-large:1.92%;--awb-width-medium:100%;--awb-order-medium:0;--awb-spacing-right-medium:1.92%;--awb-spacing-left-medium:1.92%;--awb-width-small:100%;--awb-order-small:0;--awb-spacing-right-small:1.92%;--awb-spacing-left-small:1.92%;\"><div class=\"fusion-column-wrapper fusion-column-has-shadow fusion-flex-justify-content-flex-start fusion-content-layout-column\"><div class=\"fusion-title title fusion-title-1 fusion-sep-none fusion-title-text fusion-title-size-three\" style=\"--awb-text-color:var(--awb-custom_color_12);--awb-margin-bottom:0px;--awb-margin-top-small:10px;--awb-margin-right-small:0px;--awb-margin-bottom-small:10px;--awb-margin-left-small:0px;\"><h3 class=\"fusion-title-heading title-heading-left\" style=\"margin:0;text-transform:uppercase;\">Comit\u00e9 de l&rsquo;H\u00e9rault<\/h3><\/div><i class=\"fb-icon-element-2 fb-icon-element fontawesome-icon fa-chevron-down fas circle-no\" style=\"--awb-iconcolor:var(--awb-custom_color_12);--awb-iconcolor-hover:var(--awb-custom_color_2);--awb-font-size:20px;--awb-align-self:flex-start;--awb-margin-top:10px;--awb-margin-right:0px;--awb-margin-bottom:0px;--awb-margin-left:0px;\"><\/i><\/div><\/div><\/div><\/div><div class=\"fusion-fullwidth fullwidth-box fusion-builder-row-3 fusion-flex-container has-pattern-background has-mask-background nonhundred-percent-fullwidth non-hundred-percent-height-scrolling\" style=\"--awb-border-radius-top-left:0px;--awb-border-radius-top-right:0px;--awb-border-radius-bottom-right:0px;--awb-border-radius-bottom-left:0px;--awb-background-color:rgba(255,255,255,0.5);--awb-flex-wrap:wrap;\" ><div class=\"fusion-builder-row fusion-row fusion-flex-align-items-flex-start fusion-flex-content-wrap\" style=\"max-width:1248px;margin-left: calc(-4% \/ 2 );margin-right: calc(-4% \/ 2 );\"><div class=\"fusion-layout-column fusion_builder_column fusion-builder-column-3 fusion_builder_column_1_1 1_1 fusion-flex-column\" style=\"--awb-bg-size:cover;--awb-width-large:100%;--awb-margin-top-large:0px;--awb-spacing-right-large:1.92%;--awb-margin-bottom-large:20px;--awb-spacing-left-large:1.92%;--awb-width-medium:100%;--awb-order-medium:0;--awb-spacing-right-medium:1.92%;--awb-spacing-left-medium:1.92%;--awb-width-small:100%;--awb-order-small:0;--awb-spacing-right-small:1.92%;--awb-spacing-left-small:1.92%;\"><div class=\"fusion-column-wrapper fusion-column-has-shadow fusion-flex-justify-content-flex-start fusion-content-layout-column\"><div class=\"fusion-text fusion-text-2 fusion-text-no-margin\" style=\"--awb-margin-top:40px;--awb-margin-right:40px;--awb-margin-bottom:40px;--awb-margin-left:40px;\"><div align=\"justify\">\n<p><b style=\"color: var(--awb-text-color); font-family: var(--awb-text-font-family); font-size: var(--awb-font-size); font-style: var(--awb-text-font-style); letter-spacing: var(--awb-letter-spacing); text-align: var(--awb-content-alignment); text-transform: var(--awb-text-transform);\">ARTICLE 2- But de l&rsquo;association<\/b><\/p>\n<\/div>\n<p align=\"justify\"><b> <\/b>Le Comit\u00e9 d&rsquo;Organisation du Concours de la R\u00e9sistance et de la D\u00e9portation de l&rsquo;H\u00e9rault (C.O.C.R.E.D.H) a pour mission essentielle de seconder les autorit\u00e9s de tutelle du concours du m\u00eame nom (Inspection acad\u00e9mique et Conseil d\u00e9partemental de l&rsquo;H\u00e9rault). Son action se mat\u00e9rialise dans les domaines suivants :<\/p>\n<div align=\"justify\">\n<ul>\n<li>Contacts avec les \u00e9tablissements de l&rsquo;\u00c9ducation nationale ou priv\u00e9s pr\u00e9sentant des candidats au concours (documentation, organisation de conf\u00e9rences et de s\u00e9ances de t\u00e9moignages d&rsquo;anciens r\u00e9sistants et d\u00e9port\u00e9s).<\/li>\n<li>Propositions de sujets de concours (\u00e0 partir des th\u00e8mes nationaux) pr\u00e9sent\u00e9s \u00e0 l&rsquo;Inspecteur d&rsquo;acad\u00e9mie.<\/li>\n<li>Participation au jury, \u00e0 parit\u00e9 avec des enseignants d\u00e9sign\u00e9s par l&rsquo;Inspecteur.<\/li>\n<li>Organisation de la distribution des prix : choix et achats de livres, coupes, etc. ; organisation de voyages en faveur des candidats.<\/li>\n<\/ul>\n<\/div>\n<p align=\"justify\"><b>ARTICLE 3- <\/b><strong>Le C.O.C.R.E.D.H. est constitu\u00e9 par<\/strong><\/p>\n<p align=\"justify\">1\u00b0) Les repr\u00e9sentants des associations d&rsquo;anciens R\u00e9sistants et D\u00e9port\u00e9s.<\/p>\n<p align=\"justify\">2\u00b0) Des membres associ\u00e9s ayant-cause des dites associations.<\/p>\n<p align=\"justify\">3\u00b0) Des membres coopt\u00e9s :<\/p>\n<div align=\"justify\">\n<ul>\n<li>enseignants ou laur\u00e9ats du Concours<\/li>\n<li>toute personne qualifi\u00e9e ayant particip\u00e9 \u00e0 l&rsquo;\u0153uvre de M\u00e9moire de la R\u00e9sistance et de la D\u00e9portation<\/li>\n<\/ul>\n<\/div>\n<p align=\"justify\"><b>ARTICLE 4- Bureau<\/b><\/p>\n<p align=\"justify\">Le Comit\u00e9 se r\u00e9unit une fois dans l&rsquo;ann\u00e9e pour d\u00e9signer en son sein un bureau directeur compos\u00e9 d&rsquo;un Pr\u00e9sident, d&rsquo;un Vice-Pr\u00e9sident d\u00e9l\u00e9gu\u00e9, d&rsquo;un Secr\u00e9taire, d&rsquo;un Secr\u00e9taire Adjoint et d&rsquo;un Tr\u00e9sorier.<\/p>\n<p align=\"justify\"><b>ARTICLE 5- Moyens financiers<\/b><\/p>\n<p align=\"justify\">Les ressources financi\u00e8res du Comit\u00e9 proviennent :<\/p>\n<div align=\"justify\">\n<ul>\n<li>d&rsquo;une dotation initiale constitu\u00e9e par le compte particulier inclus jusqu&rsquo;ici dans la comptabilit\u00e9 du tr\u00e9sorier et au nom de l&rsquo;U.D.C.V.R. et qui sera vers\u00e9e sur un compte de Caisse d&rsquo;\u00c9pargne \u00e0 ouvrir au nom du Comit\u00e9,<\/li>\n<li>des dons d&rsquo;associations et organismes priv\u00e9s divers,<\/li>\n<li>des subventions des collectivit\u00e9s locales et plus particuli\u00e8rement du Conseil d\u00e9partemental de l&rsquo;H\u00e9rault qui patronne le concours<\/li>\n<li>\u00c9ventuellement, dans le cadre de leurs r\u00e8gles propres, par des administrations des Anciens combattants et de l&rsquo;\u00c9ducation nationale.<\/li>\n<\/ul>\n<\/div>\n<p align=\"justify\"><b>ARTICLE 6- Emploi des ressources<\/b><\/p>\n<p align=\"justify\"><b> <\/b>Les ressources \u00e9num\u00e9r\u00e9es \u00e0 l&rsquo;article 5 sont exclusivement r\u00e9serv\u00e9es au financement des activit\u00e9s pr\u00e9vues \u00e0 l&rsquo;article 2, c&rsquo;est-\u00e0-dire, pour l&rsquo;essentiel, \u00e0 la dotation de prix attribu\u00e9s aux laur\u00e9ats du concours.<\/p>\n<p align=\"justify\">Toutes les fonctions sont exerc\u00e9es b\u00e9n\u00e9volement par les membres du Comit\u00e9 ou par des volontaires accr\u00e9dit\u00e9s par lui (comptabilit\u00e9, allotissement des prix, etc.).<\/p>\n<p align=\"justify\">Une comptabilit\u00e9 deniers est tenue au jour le jour en recettes et d\u00e9penses ainsi qu&rsquo;une comptabilit\u00e9 mati\u00e8res, ces deux comptabilit\u00e9s faisant appara\u00eetre chaque ann\u00e9e un compte d&rsquo;exploitation, le r\u00e9sultat de l&rsquo;exercice et un bilan.<\/p>\n<p align=\"justify\"><b>ARTICLE 7- Fonctionnement<\/b><\/p>\n<p align=\"justify\"><b> Le Comit\u00e9 <\/b>se r\u00e9unit sur convocation du pr\u00e9sident en exercice dans les circonstances suivantes :<\/p>\n<div align=\"justify\">\n<ul>\n<li>\u00c9tude du th\u00e8me national du Concours et \u00e9laboration des sujets propos\u00e9s \u00e0 l&rsquo;Inspecteur d&rsquo;Acad\u00e9mie.<\/li>\n<li>Pr\u00e9paration des \u00e9l\u00e8ves dans les \u00e9tablissements.<\/li>\n<li>Choix des prix (livres, coupes, etc.) et \u00e9tude des voyages (en accord avec le Conseil d\u00e9partemental), organisation de la s\u00e9ance de distribution.<\/li>\n<li>\u00c9tablissement du budget et approbation des comptes.<\/li>\n<li>Proposition des candidats membres du Jury R\u00e9sistants-D\u00e9port\u00e9s \u00e0 l&rsquo;Inspecteur d&rsquo;acad\u00e9mie.<\/li>\n<\/ul>\n<\/div>\n<p align=\"justify\">Le Pr\u00e9sident et le Vice-Pr\u00e9sident d\u00e9l\u00e9gu\u00e9 repr\u00e9sentent le Comit\u00e9 aupr\u00e8s de l&rsquo;Inspecteur d&rsquo;acad\u00e9mie et autres autorit\u00e9s et collectivit\u00e9s concern\u00e9es.<\/p>\n<p align=\"justify\">Toutes les d\u00e9cisions sont prises \u00e0 la majorit\u00e9 simple des voix pr\u00e9sentes ou repr\u00e9sent\u00e9es (celle du Pr\u00e9sident en exercice \u00e9tant pr\u00e9pond\u00e9rante en cas de partage).<\/p>\n<p align=\"justify\"><b>ARTICLE 8- Dur\u00e9e de l&rsquo;association<\/b><\/p>\n<p align=\"justify\"><b> <\/b>Constitu\u00e9e pour faciliter l&rsquo;organisation d&rsquo;un Concours National dans sa phase d\u00e9partementale de l&rsquo;H\u00e9rault, l&rsquo;association form\u00e9e par le C.O.C.R.E.D.H. est pr\u00e9vue pour durer aussi longtemps que le besoin existera. Sa dissolution ou la modification de ses statuts d\u00e9pendent d&rsquo;un vote du Comit\u00e9 sp\u00e9cialement convoqu\u00e9 \u00e0 cet effet.<\/p>\n<p align=\"justify\">Statuts approuv\u00e9s le 9 novembre 2005 par le Comit\u00e9 d&rsquo;Organisation du Concours de la R\u00e9sistance et de la D\u00e9portation de l&rsquo;H\u00e9rault.<\/p>\n<div align=\"justify\">\n<ol start=\"0\">\n<li style=\"list-style-type: none;\">&nbsp;<\/li>\n<\/ol>\n<\/div>\n<\/div><\/div><\/div><\/div><\/div><div class=\"fusion-fullwidth fullwidth-box fusion-builder-row-4 fusion-flex-container has-pattern-background has-mask-background nonhundred-percent-fullwidth non-hundred-percent-height-scrolling\" style=\"--awb-border-radius-top-left:0px;--awb-border-radius-top-right:0px;--awb-border-radius-bottom-right:0px;--awb-border-radius-bottom-left:0px;--awb-margin-bottom:0px;--awb-flex-wrap:wrap;\" ><div class=\"fusion-builder-row fusion-row fusion-flex-align-items-flex-start fusion-flex-content-wrap\" style=\"max-width:1248px;margin-left: calc(-4% \/ 2 );margin-right: calc(-4% \/ 2 );\"><div class=\"fusion-layout-column fusion_builder_column fusion-builder-column-4 fusion_builder_column_1_1 1_1 fusion-flex-column\" style=\"--awb-bg-size:cover;--awb-width-large:100%;--awb-margin-top-large:0px;--awb-spacing-right-large:1.92%;--awb-margin-bottom-large:0px;--awb-spacing-left-large:1.92%;--awb-width-medium:100%;--awb-order-medium:0;--awb-spacing-right-medium:1.92%;--awb-spacing-left-medium:1.92%;--awb-width-small:100%;--awb-order-small:0;--awb-spacing-right-small:1.92%;--awb-spacing-left-small:1.92%;\"><div class=\"fusion-column-wrapper fusion-column-has-shadow fusion-flex-justify-content-flex-start fusion-content-layout-column\"><div class=\"fusion-title title fusion-title-2 fusion-sep-none fusion-title-text fusion-title-size-three\" style=\"--awb-text-color:var(--awb-custom_color_12);--awb-margin-bottom:0px;--awb-margin-top-small:10px;--awb-margin-right-small:0px;--awb-margin-bottom-small:10px;--awb-margin-left-small:0px;\"><h3 class=\"fusion-title-heading title-heading-left\" style=\"margin:0;text-transform:uppercase;\">Le r\u00f4le du Comit\u00e9<\/h3><\/div><i class=\"fb-icon-element-3 fb-icon-element fontawesome-icon fa-chevron-down fas circle-no\" style=\"--awb-iconcolor:var(--awb-custom_color_12);--awb-iconcolor-hover:var(--awb-custom_color_2);--awb-font-size:20px;--awb-align-self:flex-start;--awb-margin-top:10px;--awb-margin-right:0px;--awb-margin-bottom:0px;--awb-margin-left:0px;\"><\/i><\/div><\/div><\/div><\/div><div class=\"fusion-fullwidth fullwidth-box fusion-builder-row-5 fusion-flex-container has-pattern-background has-mask-background nonhundred-percent-fullwidth non-hundred-percent-height-scrolling\" style=\"--awb-border-radius-top-left:0px;--awb-border-radius-top-right:0px;--awb-border-radius-bottom-right:0px;--awb-border-radius-bottom-left:0px;--awb-background-color:rgba(255,255,255,0.5);--awb-flex-wrap:wrap;\" ><div class=\"fusion-builder-row fusion-row fusion-flex-align-items-flex-start fusion-flex-content-wrap\" style=\"max-width:1248px;margin-left: calc(-4% \/ 2 );margin-right: calc(-4% \/ 2 );\"><div class=\"fusion-layout-column fusion_builder_column fusion-builder-column-5 fusion_builder_column_1_1 1_1 fusion-flex-column\" style=\"--awb-bg-size:cover;--awb-width-large:100%;--awb-margin-top-large:0px;--awb-spacing-right-large:1.92%;--awb-margin-bottom-large:20px;--awb-spacing-left-large:1.92%;--awb-width-medium:100%;--awb-order-medium:0;--awb-spacing-right-medium:1.92%;--awb-spacing-left-medium:1.92%;--awb-width-small:100%;--awb-order-small:0;--awb-spacing-right-small:1.92%;--awb-spacing-left-small:1.92%;\"><div class=\"fusion-column-wrapper fusion-column-has-shadow fusion-flex-justify-content-flex-start fusion-content-layout-column\"><div class=\"fusion-text fusion-text-3 fusion-text-no-margin\" style=\"--awb-margin-top:40px;--awb-margin-right:40px;--awb-margin-bottom:40px;--awb-margin-left:40px;\"><p align=\"justify\">Le Comit\u00e9 agit en partenariat avec les services du Rectorat, le DASEN et ses services, l\u2019inspecteur(trice) d\u2019acad\u00e9mie-inspecteur p\u00e9dagogique r\u00e9gional d\u2019histoire-g\u00e9ographie r\u00e9f\u00e9rent(e) m\u00e9moire et citoyennet\u00e9, la DAAC.<\/p>\n<div align=\"justify\">\n<ul>\n<li>Participe \u00e0 l\u2019\u00e9laboration de la plaquette \u00e0 destination des \u00e9l\u00e8ves et des professeurs en lien avec les Archives d\u00e9partementales de l\u2019H\u00e9rault.<\/li>\n<li>Anime avec le Centre R\u00e9gional d\u2019Histoire de la R\u00e9sistance et de la D\u00e9portation et les Archives d\u00e9partementales la journ\u00e9e de formation des professeurs.<\/li>\n<li>Participe \u00e0 l\u2019\u00e9laboration des sujets acad\u00e9miques ainsi qu\u2019aux jurys d\u00e9partementaux et acad\u00e9miques.<\/li>\n<li>Est en lien avec les professeurs, les associations du monde combattant, les associations des ordres nationaux et les collectivit\u00e9s territoriales.<\/li>\n<li>Organise avec le Conseil d\u00e9partemental la c\u00e9r\u00e9monie de remise des prix aux laur\u00e9ats de l\u2019H\u00e9rault.<\/li>\n<li>R\u00e9compense les laur\u00e9ats et les professeurs.<\/li>\n<\/ul>\n<ol start=\"0\">\n<li style=\"list-style-type: none;\">&nbsp;<\/li>\n<\/ol>\n<\/div>\n<\/div><\/div><\/div><\/div><\/div><div class=\"fusion-fullwidth fullwidth-box fusion-builder-row-6 fusion-flex-container has-pattern-background has-mask-background nonhundred-percent-fullwidth non-hundred-percent-height-scrolling\" style=\"--awb-border-radius-top-left:0px;--awb-border-radius-top-right:0px;--awb-border-radius-bottom-right:0px;--awb-border-radius-bottom-left:0px;--awb-margin-bottom:0px;--awb-flex-wrap:wrap;\" ><div class=\"fusion-builder-row fusion-row fusion-flex-align-items-flex-start fusion-flex-content-wrap\" style=\"max-width:1248px;margin-left: calc(-4% \/ 2 );margin-right: calc(-4% \/ 2 );\"><div class=\"fusion-layout-column fusion_builder_column fusion-builder-column-6 fusion_builder_column_1_1 1_1 fusion-flex-column\" style=\"--awb-bg-size:cover;--awb-width-large:100%;--awb-margin-top-large:0px;--awb-spacing-right-large:1.92%;--awb-margin-bottom-large:0px;--awb-spacing-left-large:1.92%;--awb-width-medium:100%;--awb-order-medium:0;--awb-spacing-right-medium:1.92%;--awb-spacing-left-medium:1.92%;--awb-width-small:100%;--awb-order-small:0;--awb-spacing-right-small:1.92%;--awb-spacing-left-small:1.92%;\"><div class=\"fusion-column-wrapper fusion-column-has-shadow fusion-flex-justify-content-flex-start fusion-content-layout-column\"><div class=\"fusion-title title fusion-title-3 fusion-sep-none fusion-title-text fusion-title-size-three\" style=\"--awb-text-color:var(--awb-custom_color_12);--awb-margin-bottom:0px;--awb-margin-top-small:10px;--awb-margin-right-small:0px;--awb-margin-bottom-small:10px;--awb-margin-left-small:0px;\"><h3 class=\"fusion-title-heading title-heading-left\" style=\"margin:0;text-transform:uppercase;\">La composition du Comit\u00e9<\/h3><\/div><i class=\"fb-icon-element-4 fb-icon-element fontawesome-icon fa-chevron-down fas circle-no\" style=\"--awb-iconcolor:var(--awb-custom_color_12);--awb-iconcolor-hover:var(--awb-custom_color_2);--awb-font-size:20px;--awb-align-self:flex-start;--awb-margin-top:10px;--awb-margin-right:0px;--awb-margin-bottom:0px;--awb-margin-left:0px;\"><\/i><\/div><\/div><\/div><\/div><div class=\"fusion-fullwidth fullwidth-box fusion-builder-row-7 fusion-flex-container has-pattern-background has-mask-background nonhundred-percent-fullwidth non-hundred-percent-height-scrolling\" style=\"--awb-border-radius-top-left:0px;--awb-border-radius-top-right:0px;--awb-border-radius-bottom-right:0px;--awb-border-radius-bottom-left:0px;--awb-background-color:rgba(255,255,255,0.5);--awb-flex-wrap:wrap;\" ><div class=\"fusion-builder-row fusion-row fusion-flex-align-items-flex-start fusion-flex-content-wrap\" style=\"max-width:1248px;margin-left: calc(-4% \/ 2 );margin-right: calc(-4% \/ 2 );\"><div class=\"fusion-layout-column fusion_builder_column fusion-builder-column-7 fusion_builder_column_1_1 1_1 fusion-flex-column\" style=\"--awb-bg-size:cover;--awb-width-large:100%;--awb-margin-top-large:0px;--awb-spacing-right-large:1.92%;--awb-margin-bottom-large:20px;--awb-spacing-left-large:1.92%;--awb-width-medium:100%;--awb-order-medium:0;--awb-spacing-right-medium:1.92%;--awb-spacing-left-medium:1.92%;--awb-width-small:100%;--awb-order-small:0;--awb-spacing-right-small:1.92%;--awb-spacing-left-small:1.92%;\"><div class=\"fusion-column-wrapper fusion-column-has-shadow fusion-flex-justify-content-flex-start fusion-content-layout-column\"><div class=\"fusion-text fusion-text-4 fusion-text-no-margin\" style=\"--awb-margin-top:40px;--awb-margin-right:40px;--awb-margin-bottom:40px;--awb-margin-left:40px;\"><div align=\"justify\">au 09\/06\/2022<\/div>\n<div align=\"justify\">&nbsp;<\/div>\n<p align=\"justify\"><b>Pr\u00e9sidents d\u2019honneur en m\u00e9moire :<\/b><\/p>\n<p align=\"justify\">DAU Andr\u00e9, r\u00e9sistant d\u00e9port\u00e9 \u2020, CAMBON DE LAVALETTE V\u00e9ran, r\u00e9sistant d\u00e9port\u00e9 \u2020, ORTS Suzanne, r\u00e9sistante d\u00e9port\u00e9e \u2020, PAILHES Andr\u00e9, r\u00e9sistant d\u00e9port\u00e9 \u2020, BAUR Edouard, r\u00e9sistant d\u00e9port\u00e9 \u2020<\/p>\n<p align=\"justify\"><b>Pr\u00e9sident :<\/b><\/p>\n<p align=\"justify\">HUGON Jean-Pierre, fils de r\u00e9sistant<\/p>\n<p align=\"justify\"><b>Vice-pr\u00e9sidente<\/b><\/p>\n<p align=\"justify\">COUDERC Fran\u00e7oise, professeure d\u2019histoire retrait\u00e9e<\/p>\n<p align=\"justify\"><b>Secr\u00e9taire :<\/b><\/p>\n<p align=\"justify\">LOUBET Christine, professeure d\u2019histoire retrait\u00e9e<\/p>\n<p align=\"justify\"><b>Secr\u00e9taire adjointe<\/b><\/p>\n<p align=\"justify\">CAMPANA Marcelle, professeure de lettres retrait\u00e9e<\/p>\n<p align=\"justify\"><b>Tr\u00e9sorier :<\/b><\/p>\n<p align=\"justify\">DELPON Jean-Claude, fils de d\u00e9port\u00e9 r\u00e9sistant<\/p>\n<p align=\"justify\"><b>Contacts <\/b><\/p>\n<p align=\"justify\">Fran\u00e7oise Couderc : <a href=\"mailto:francoisecouderc3448@hotmail.fr\">francoisecouderc3448@hotmail.fr<\/a><\/p>\n<p align=\"justify\">Christine Loubet : <a href=\"mailto:jean-charles.loubet@orange.fr\">jean-charles.loubet@orange.fr<\/a><\/p>\n<p align=\"justify\">La derni\u00e8re Assembl\u00e9e g\u00e9n\u00e9rale du Comit\u00e9 a eu lieu le 25 mars 2026.<\/p>\n<p align=\"justify\"><a href=\"http:\/\/mur34.fr\/wp-content\/uploads\/2026\/04\/AG-25-03-26-site.pdf\" target=\"_blank\" rel=\"noopener\">Compte-rendu de l&rsquo;A.G.<\/a><\/p>\n<p align=\"justify\">&nbsp;<\/p>\n<\/div><\/div><\/div><\/div><\/div><\/p>\n","protected":false},"excerpt":{"rendered":"","protected":false},"author":1,"featured_media":0,"parent":0,"menu_order":0,"comment_status":"closed","ping_status":"closed","template":"","meta":{"footnotes":""},"class_list":["post-955","page","type-page","status-publish","hentry"],"yoast_head":"<!-- This site is optimized with the Yoast SEO plugin v27.3 - https:\/\/yoast.com\/product\/yoast-seo-wordpress\/ -->\n<title>COMIT\u00c9 DE L&#039;H\u00c9RAULT - MUR-Castelnau-le-Lez<\/title>\n<meta name=\"description\" content=\"COMIT\u00c9 DE L&#039;H\u00c9RAULT\" \/>\n<meta name=\"robots\" content=\"index, follow, max-snippet:-1, max-image-preview:large, max-video-preview:-1\" \/>\n<link rel=\"canonical\" href=\"https:\/\/mur34.fr\/index.php\/comite-de-lherault\/\" \/>\n<meta property=\"og:locale\" content=\"fr_FR\" \/>\n<meta property=\"og:type\" content=\"article\" \/>\n<meta property=\"og:title\" content=\"COMIT\u00c9 DE L&#039;H\u00c9RAULT - MUR-Castelnau-le-Lez\" \/>\n<meta property=\"og:description\" content=\"COMIT\u00c9 DE L&#039;H\u00c9RAULT\" \/>\n<meta property=\"og:url\" content=\"https:\/\/mur34.fr\/index.php\/comite-de-lherault\/\" \/>\n<meta property=\"og:site_name\" content=\"MUR-Castelnau-le-Lez\" \/>\n<meta property=\"article:publisher\" content=\"https:\/\/www.facebook.com\/museedelaresistancedemontpellier\" \/>\n<meta property=\"article:modified_time\" content=\"2026-04-02T09:19:49+00:00\" \/>\n<meta property=\"og:image\" content=\"https:\/\/mur34.fr\/wp-content\/uploads\/2023\/10\/logo-CRHRD-PETIT-COULEURS-SOMBRES-80-06-1.png\" \/>\n\t<meta property=\"og:image:width\" content=\"62\" \/>\n\t<meta property=\"og:image:height\" content=\"77\" \/>\n\t<meta property=\"og:image:type\" content=\"image\/png\" \/>\n<meta name=\"twitter:card\" content=\"summary_large_image\" \/>\n<meta name=\"twitter:label1\" content=\"Dur\u00e9e de lecture estim\u00e9e\" \/>\n\t<meta name=\"twitter:data1\" content=\"27 minutes\" \/>\n<script type=\"application\/ld+json\" class=\"yoast-schema-graph\">{\"@context\":\"https:\\\/\\\/schema.org\",\"@graph\":[{\"@type\":\"WebPage\",\"@id\":\"https:\\\/\\\/mur34.fr\\\/index.php\\\/comite-de-lherault\\\/\",\"url\":\"https:\\\/\\\/mur34.fr\\\/index.php\\\/comite-de-lherault\\\/\",\"name\":\"COMIT\u00c9 DE L'H\u00c9RAULT - MUR-Castelnau-le-Lez\",\"isPartOf\":{\"@id\":\"https:\\\/\\\/mur34.fr\\\/#website\"},\"datePublished\":\"2023-03-30T17:02:21+00:00\",\"dateModified\":\"2026-04-02T09:19:49+00:00\",\"description\":\"COMIT\u00c9 DE L'H\u00c9RAULT\",\"breadcrumb\":{\"@id\":\"https:\\\/\\\/mur34.fr\\\/index.php\\\/comite-de-lherault\\\/#breadcrumb\"},\"inLanguage\":\"fr-FR\",\"potentialAction\":[{\"@type\":\"ReadAction\",\"target\":[\"https:\\\/\\\/mur34.fr\\\/index.php\\\/comite-de-lherault\\\/\"]}]},{\"@type\":\"BreadcrumbList\",\"@id\":\"https:\\\/\\\/mur34.fr\\\/index.php\\\/comite-de-lherault\\\/#breadcrumb\",\"itemListElement\":[{\"@type\":\"ListItem\",\"position\":1,\"name\":\"Accueil\",\"item\":\"https:\\\/\\\/mur34.fr\\\/\"},{\"@type\":\"ListItem\",\"position\":2,\"name\":\"COMIT\u00c9 DE L&rsquo;H\u00c9RAULT\"}]},{\"@type\":\"WebSite\",\"@id\":\"https:\\\/\\\/mur34.fr\\\/#website\",\"url\":\"https:\\\/\\\/mur34.fr\\\/\",\"name\":\"MUR-Castelnau-le-Lez\",\"description\":\"Mus\u00e9e de la R\u00e9sistance et de la D\u00e9portation - CASTELNAU-LE-LEZ\",\"publisher\":{\"@id\":\"https:\\\/\\\/mur34.fr\\\/#organization\"},\"alternateName\":\"MUR34\",\"potentialAction\":[{\"@type\":\"SearchAction\",\"target\":{\"@type\":\"EntryPoint\",\"urlTemplate\":\"https:\\\/\\\/mur34.fr\\\/?s={search_term_string}\"},\"query-input\":{\"@type\":\"PropertyValueSpecification\",\"valueRequired\":true,\"valueName\":\"search_term_string\"}}],\"inLanguage\":\"fr-FR\"},{\"@type\":\"Organization\",\"@id\":\"https:\\\/\\\/mur34.fr\\\/#organization\",\"name\":\"Mus\u00e9e de la R\u00e9sistance et de la D\u00e9portation - Castelnau-le-Lez\",\"alternateName\":\"MUR34\",\"url\":\"https:\\\/\\\/mur34.fr\\\/\",\"logo\":{\"@type\":\"ImageObject\",\"inLanguage\":\"fr-FR\",\"@id\":\"https:\\\/\\\/mur34.fr\\\/#\\\/schema\\\/logo\\\/image\\\/\",\"url\":\"https:\\\/\\\/mur34.fr\\\/wp-content\\\/uploads\\\/2024\\\/11\\\/logo-MUR34-1.png\",\"contentUrl\":\"https:\\\/\\\/mur34.fr\\\/wp-content\\\/uploads\\\/2024\\\/11\\\/logo-MUR34-1.png\",\"width\":537,\"height\":696,\"caption\":\"Mus\u00e9e de la R\u00e9sistance et de la D\u00e9portation - Castelnau-le-Lez\"},\"image\":{\"@id\":\"https:\\\/\\\/mur34.fr\\\/#\\\/schema\\\/logo\\\/image\\\/\"},\"sameAs\":[\"https:\\\/\\\/www.facebook.com\\\/museedelaresistancedemontpellier\"]}]}<\/script>\n<!-- \/ Yoast SEO plugin. -->","yoast_head_json":{"title":"COMIT\u00c9 DE L'H\u00c9RAULT - MUR-Castelnau-le-Lez","description":"COMIT\u00c9 DE L'H\u00c9RAULT","robots":{"index":"index","follow":"follow","max-snippet":"max-snippet:-1","max-image-preview":"max-image-preview:large","max-video-preview":"max-video-preview:-1"},"canonical":"https:\/\/mur34.fr\/index.php\/comite-de-lherault\/","og_locale":"fr_FR","og_type":"article","og_title":"COMIT\u00c9 DE L'H\u00c9RAULT - MUR-Castelnau-le-Lez","og_description":"COMIT\u00c9 DE L'H\u00c9RAULT","og_url":"https:\/\/mur34.fr\/index.php\/comite-de-lherault\/","og_site_name":"MUR-Castelnau-le-Lez","article_publisher":"https:\/\/www.facebook.com\/museedelaresistancedemontpellier","article_modified_time":"2026-04-02T09:19:49+00:00","og_image":[{"width":62,"height":77,"url":"https:\/\/mur34.fr\/wp-content\/uploads\/2023\/10\/logo-CRHRD-PETIT-COULEURS-SOMBRES-80-06-1.png","type":"image\/png"}],"twitter_card":"summary_large_image","twitter_misc":{"Dur\u00e9e de lecture estim\u00e9e":"27 minutes"},"schema":{"@context":"https:\/\/schema.org","@graph":[{"@type":"WebPage","@id":"https:\/\/mur34.fr\/index.php\/comite-de-lherault\/","url":"https:\/\/mur34.fr\/index.php\/comite-de-lherault\/","name":"COMIT\u00c9 DE L'H\u00c9RAULT - MUR-Castelnau-le-Lez","isPartOf":{"@id":"https:\/\/mur34.fr\/#website"},"datePublished":"2023-03-30T17:02:21+00:00","dateModified":"2026-04-02T09:19:49+00:00","description":"COMIT\u00c9 DE L'H\u00c9RAULT","breadcrumb":{"@id":"https:\/\/mur34.fr\/index.php\/comite-de-lherault\/#breadcrumb"},"inLanguage":"fr-FR","potentialAction":[{"@type":"ReadAction","target":["https:\/\/mur34.fr\/index.php\/comite-de-lherault\/"]}]},{"@type":"BreadcrumbList","@id":"https:\/\/mur34.fr\/index.php\/comite-de-lherault\/#breadcrumb","itemListElement":[{"@type":"ListItem","position":1,"name":"Accueil","item":"https:\/\/mur34.fr\/"},{"@type":"ListItem","position":2,"name":"COMIT\u00c9 DE L&rsquo;H\u00c9RAULT"}]},{"@type":"WebSite","@id":"https:\/\/mur34.fr\/#website","url":"https:\/\/mur34.fr\/","name":"MUR-Castelnau-le-Lez","description":"Mus\u00e9e de la R\u00e9sistance et de la D\u00e9portation - CASTELNAU-LE-LEZ","publisher":{"@id":"https:\/\/mur34.fr\/#organization"},"alternateName":"MUR34","potentialAction":[{"@type":"SearchAction","target":{"@type":"EntryPoint","urlTemplate":"https:\/\/mur34.fr\/?s={search_term_string}"},"query-input":{"@type":"PropertyValueSpecification","valueRequired":true,"valueName":"search_term_string"}}],"inLanguage":"fr-FR"},{"@type":"Organization","@id":"https:\/\/mur34.fr\/#organization","name":"Mus\u00e9e de la R\u00e9sistance et de la D\u00e9portation - Castelnau-le-Lez","alternateName":"MUR34","url":"https:\/\/mur34.fr\/","logo":{"@type":"ImageObject","inLanguage":"fr-FR","@id":"https:\/\/mur34.fr\/#\/schema\/logo\/image\/","url":"https:\/\/mur34.fr\/wp-content\/uploads\/2024\/11\/logo-MUR34-1.png","contentUrl":"https:\/\/mur34.fr\/wp-content\/uploads\/2024\/11\/logo-MUR34-1.png","width":537,"height":696,"caption":"Mus\u00e9e de la R\u00e9sistance et de la D\u00e9portation - Castelnau-le-Lez"},"image":{"@id":"https:\/\/mur34.fr\/#\/schema\/logo\/image\/"},"sameAs":["https:\/\/www.facebook.com\/museedelaresistancedemontpellier"]}]}},"_links":{"self":[{"href":"https:\/\/mur34.fr\/index.php\/wp-json\/wp\/v2\/pages\/955","targetHints":{"allow":["GET"]}}],"collection":[{"href":"https:\/\/mur34.fr\/index.php\/wp-json\/wp\/v2\/pages"}],"about":[{"href":"https:\/\/mur34.fr\/index.php\/wp-json\/wp\/v2\/types\/page"}],"author":[{"embeddable":true,"href":"https:\/\/mur34.fr\/index.php\/wp-json\/wp\/v2\/users\/1"}],"replies":[{"embeddable":true,"href":"https:\/\/mur34.fr\/index.php\/wp-json\/wp\/v2\/comments?post=955"}],"version-history":[{"count":38,"href":"https:\/\/mur34.fr\/index.php\/wp-json\/wp\/v2\/pages\/955\/revisions"}],"predecessor-version":[{"id":3335,"href":"https:\/\/mur34.fr\/index.php\/wp-json\/wp\/v2\/pages\/955\/revisions\/3335"}],"wp:attachment":[{"href":"https:\/\/mur34.fr\/index.php\/wp-json\/wp\/v2\/media?parent=955"}],"curies":[{"name":"wp","href":"https:\/\/api.w.org\/{rel}","templated":true}]}}